{"id":411,"date":"2019-05-10T22:14:44","date_gmt":"2019-05-10T20:14:44","guid":{"rendered":"http:\/\/dev.lepecqtrampoline.fr\/?page_id=411"},"modified":"2025-06-01T11:56:51","modified_gmt":"2025-06-01T09:56:51","slug":"trampoline-competition-2","status":"publish","type":"page","link":"http:\/\/www.lepecqtrampoline.fr\/index.php\/trampoline-competition-2\/","title":{"rendered":"Trampoline Comp\u00e9tition"},"content":{"rendered":"\r\n<div class=\"wp-block-image\">\r\n<figure class=\"alignright\"><img loading=\"lazy\" width=\"300\" height=\"226\" class=\"wp-image-631\" src=\"http:\/\/dev.lepecqtrampoline.fr\/wp-content\/uploads\/2019\/06\/Alpic_Trampo-300x226.png\" alt=\"\" srcset=\"http:\/\/dev.lepecqtrampoline.fr\/wp-content\/uploads\/2019\/06\/Alpic_Trampo-300x226.png 300w, http:\/\/dev.lepecqtrampoline.fr\/wp-content\/uploads\/2019\/06\/Alpic_Trampo.png 343w\" sizes=\"(max-width: 300px) 100vw, 300px\" \/><\/figure>\r\n<\/div>\r\n\r\n\r\n\r\n<h3><strong>Marraine Camille Dru<\/strong><\/h3>\r\n\r\n\r\n\r\n<figure class=\"wp-block-image\"><img loading=\"lazy\" width=\"157\" height=\"300\" class=\"wp-image-513\" src=\"http:\/\/dev.lepecqtrampoline.fr\/wp-content\/uploads\/2019\/06\/Camille-Dru-HoF-copie-1-157x300.jpg\" alt=\"\" srcset=\"http:\/\/dev.lepecqtrampoline.fr\/wp-content\/uploads\/2019\/06\/Camille-Dru-HoF-copie-1-157x300.jpg 157w, http:\/\/dev.lepecqtrampoline.fr\/wp-content\/uploads\/2019\/06\/Camille-Dru-HoF-copie-1.jpg 250w\" sizes=\"(max-width: 157px) 100vw, 157px\" \/><\/figure>\r\n\r\n\r\n\r\n<p>Quadruple Championne de France Trampoline Elite individuel et synchro<br \/>Championne du Monde 13\/14 en synchro\u00a0<br \/>Camille \u00e9tait une redoutable comp\u00e9titrice et un exemple pour tous nos jeunes.<\/p>\r\n\r\n\r\n\r\n<div class=\"wp-block-image\">\r\n<figure class=\"aligncenter\"><img loading=\"lazy\" width=\"212\" height=\"300\" class=\"wp-image-818\" src=\"http:\/\/dev.lepecqtrampoline.fr\/wp-content\/uploads\/2020\/05\/Fiche_Trampo_BAT-212x300.jpg\" alt=\"\" srcset=\"http:\/\/dev.lepecqtrampoline.fr\/wp-content\/uploads\/2020\/05\/Fiche_Trampo_BAT-212x300.jpg 212w, http:\/\/dev.lepecqtrampoline.fr\/wp-content\/uploads\/2020\/05\/Fiche_Trampo_BAT-768x1086.jpg 768w, http:\/\/dev.lepecqtrampoline.fr\/wp-content\/uploads\/2020\/05\/Fiche_Trampo_BAT-724x1024.jpg 724w\" sizes=\"(max-width: 212px) 100vw, 212px\" \/><\/figure>\r\n<\/div>\r\n\r\n\r\n<hr class=\"wp-block-separator\" \/>\r\n\r\n\r\n<p>Le trampoline, sport Olympique depuis Sydney 2000 est aussi l\u2019agr\u00e8s de r\u00e9f\u00e9rence de tous les sports acrobatiques.<\/p>\r\n\r\n\r\n\r\n<p>Cet agr\u00e8s permet, par sa diversit\u00e9 et sa richesse de former des acrobates de plus en plus a\u00e9riens.<\/p>\r\n\r\n\r\n\r\n<p>Nos coachs (formateurs FFGYM) ont d\u00e9velopp\u00e9 une m\u00e9thode p\u00e9dagogique qui permet \u00e0 chacun d\u2019atteindre son meilleur niveau.<\/p>\r\n\r\n\r\n\r\n<p>Le CSM Le Pecq a une histoire comp\u00e9titive riche et intense.<\/p>\r\n\r\n\r\n\r\n<p>Depuis de nombreuses ann\u00e9es, le club fait partie des meilleurs clubs fran\u00e7ais gr\u00e2ce \u00e0 une \u00e9quipe\u00a0\u00a0de coach professionnels performants et deux sections \u00ab sport \u00e9tude \u00bb au Coll\u00e8ge Marcel Roby et Lyc\u00e9e Jeanne d\u2019Albret de St Germain en Laye.<\/p>\r\n\r\n\r\n\r\n<p><strong>Nos \u00e9quipes et nos gymnastes sont r\u00e9guli\u00e8rement m\u00e9daill\u00e9s aux Championnats de France Elite<\/strong><\/p>\r\n\r\n\r\n\r\n<div class=\"wp-block-image\">\r\n<figure class=\"aligncenter is-resized\"><img loading=\"lazy\" class=\"wp-image-836\" src=\"http:\/\/dev.lepecqtrampoline.fr\/wp-content\/uploads\/2020\/05\/78cffc58-8ca6-489e-bfb7-2cdc042792d3-768x1024.jpg\" alt=\"\" width=\"439\" height=\"585\" srcset=\"http:\/\/dev.lepecqtrampoline.fr\/wp-content\/uploads\/2020\/05\/78cffc58-8ca6-489e-bfb7-2cdc042792d3.jpg 768w, http:\/\/dev.lepecqtrampoline.fr\/wp-content\/uploads\/2020\/05\/78cffc58-8ca6-489e-bfb7-2cdc042792d3-225x300.jpg 225w\" sizes=\"(max-width: 439px) 100vw, 439px\" \/><\/figure>\r\n<\/div>\r\n\r\n\r\n\r\n<p>L\u2019acc\u00e8s aux cr\u00e9neaux comp\u00e9tition de l\u2019AlpicAir Force Academy est soumis \u00e0\u00a0<strong>\u00a0s\u00e9lection des entraineurs<\/strong>.<\/p>\r\n\r\n\r\n\r\n<p>Les \u00e9preuves de comp\u00e9tition sont s\u00e9par\u00e9es en 3 fili\u00e8res toutes organis\u00e9es en cat\u00e9gorie d\u2019\u00e2ge\u00a0:\u00a0<\/p>\r\n\r\n\r\n\r\n<ul>\r\n<li>F\u00e9d\u00e9rale pour les initi\u00e9s<\/li>\r\n<li>Nationale pour les confirm\u00e9s<\/li>\r\n<li>Elite pour les experts<\/li>\r\n<\/ul>\r\n\r\n\r\n<hr class=\"wp-block-separator\" \/>\r\n\r\n\r\n<h3>\u00a0<\/h3>\r\n<h3><strong>JEUNES POUSSES :<\/strong><\/h3>\r\n<p>Pr\u00e9paration \u00e0 la comp\u00e9tition, de 5 \u00e0 8 ans<\/p>\r\n<h3><strong>COMPETITION AVENIR :\u00a0 Niveaux Federal (tous \u00e2ges)<\/strong><strong> et National Jeune (moins de 13 ans)<\/strong><\/h3>\r\n\r\n\r\n\r\n<p>Sur s\u00e9lection :\u00a02 entrainements par semaine<\/p>\r\n\r\n\r\n\r\n<p>C\u2019est le premier niveau de comp\u00e9tition.<\/p>\r\n\r\n\r\n\r\n<p>\u00a0Les jeunes recherchent une rigueur d\u2019ex\u00e9cution, apprennent \u00e0 g\u00e9rer leur stress devant un jury et n\u2019h\u00e9sitent pas \u00e0 r\u00e9p\u00e9ter des mouvements pour les rendre plus esth\u00e9tiques et gymniques.<\/p>\r\n\r\n\r\n\r\n<p><em><strong>Gymnase du Lyc\u00e9e\u00a0\u00a0Jeanne d\u2019Albret\u00a0rue Alexandre Dumas St Germain en Laye<\/strong><\/em><\/p>\r\n<p><em>Les mercredis de 15h30 \u00e0 17h00\u00a0 \u00a0<\/em><em>Les samedis\u00a0 de 12h45 \u00e0 14h30.<\/em><\/p>\r\n\r\n\r\n\r\n\r\n\r\n<h3><strong>COMPETITION ESPOIR : Niveau Elite moins de 13 ans<\/strong><\/h3>\r\n\r\n\r\n\r\n<p><em>Gymnase du Lyc\u00e9e\u00a0\u00a0Jeanne d\u2019Albret\u00a0rue Alexandre Dumas St Germain en Laye<\/em><br \/>Acc\u00e8s sur s\u00e9lection :\u00a0 3 \u00e0 4\u00a0 entrainements par semaine\u00a0<br \/><em>Horaires sp\u00e9cifiques Gymnase du Lyc\u00e9e Jeanne d\u2019Albret\u00a0\u00a0St Germain en Laye<\/em><\/p>\r\n\r\n\r\n\r\n<h3><strong>COMPETITION ELITE : Niveau Elite et National 13 ans et plus<\/strong><\/h3>\r\n\r\n\r\n\r\n<p>La recherche de la performance est omnipr\u00e9sente, am\u00e9liorations technique et esth\u00e9tique, d\u00e9veloppement des qualit\u00e9s physiques et perfectionnement acrobatique.<\/p>\r\n<p>Ce niveau de comp\u00e9tition ouvre la porte aux \u00e9quipes de France (tournois de jeunes, Championnats d\u2019Europe et du Monde junior, et Championnats du monde senior et Jeux Olympiques).<\/p>\r\n<p>\r\n\r\n<\/p>\r\n<p>Recherche de la perfection, d\u00e9veloppement des qualit\u00e9s gymniques, athl\u00e9tiques et acrobatiques sont les maitres mots qui m\u00e8nent vers l\u2019excellence.<\/p>\r\n<p>\r\n\r\n<\/p>\r\n<p>Le chemin est long et dur\u00a0!<\/p>\r\n<p>\r\n\r\n<\/p>\r\n<p><em>Horaires sp\u00e9cifiques Gymnase du Lyc\u00e9e Jeanne d\u2019Albret\u00a0\u00a0St Germain en Laye<\/em><\/p>\r\n\r\n\r\n\r\n<p>Acc\u00e8s sur s\u00e9lection : de\u00a0 4 \u00e0 6 entrainement par semaine\u00a0<\/p>\r\n\r\n\r\n\r\n<p><em>Horaires sp\u00e9cifiques Gymnase du Lyc\u00e9e Jeanne d\u2019Albret\u00a0\u00a0St Germain en Laye<\/em><\/p>\r\n\r\n\r\n\r\n<p>&nbsp;<\/p>\r\n","protected":false},"excerpt":{"rendered":"<p>Marraine Camille Dru Quadruple Championne de France Trampoline Elite individuel et synchroChampionne du Monde 13\/14 en synchro\u00a0Camille \u00e9tait une redoutable comp\u00e9titrice et un exemple pour tous nos jeunes. Le trampoline, sport Olympique depuis Sydney 2000 est aussi l\u2019agr\u00e8s de r\u00e9f\u00e9rence de tous les sports acrobatiques. Cet agr\u00e8s permet, par sa diversit\u00e9 et sa richesse de [&hellip;]<\/p>\n","protected":false},"author":1,"featured_media":0,"parent":0,"menu_order":0,"comment_status":"closed","ping_status":"closed","template":"","meta":[],"yoast_head":"<!-- This site is optimized with the Yoast SEO plugin v18.4.1 - https:\/\/yoast.com\/wordpress\/plugins\/seo\/ -->\n<title>Trampoline Comp\u00e9tition -<\/title>\n<meta name=\"robots\" content=\"index, follow, max-snippet:-1, max-image-preview:large, max-video-preview:-1\" \/>\n<link rel=\"canonical\" href=\"https:\/\/www.lepecqtrampoline.fr\/index.php\/trampoline-competition-2\/\" \/>\n<meta property=\"og:locale\" content=\"en_US\" \/>\n<meta property=\"og:type\" content=\"article\" \/>\n<meta property=\"og:title\" content=\"Trampoline Comp\u00e9tition -\" \/>\n<meta property=\"og:description\" content=\"Marraine Camille Dru Quadruple Championne de France Trampoline Elite individuel et synchroChampionne du Monde 13\/14 en synchro\u00a0Camille \u00e9tait une redoutable comp\u00e9titrice et un exemple pour tous nos jeunes. Le trampoline, sport Olympique depuis Sydney 2000 est aussi l\u2019agr\u00e8s de r\u00e9f\u00e9rence de tous les sports acrobatiques. Cet agr\u00e8s permet, par sa diversit\u00e9 et sa richesse de [&hellip;]\" \/>\n<meta property=\"og:url\" content=\"https:\/\/www.lepecqtrampoline.fr\/index.php\/trampoline-competition-2\/\" \/>\n<meta property=\"article:publisher\" content=\"https:\/\/www.facebook.com\/Alpicairforce\/\" \/>\n<meta property=\"article:modified_time\" content=\"2025-06-01T09:56:51+00:00\" \/>\n<meta property=\"og:image\" content=\"http:\/\/dev.lepecqtrampoline.fr\/wp-content\/uploads\/2019\/06\/Alpic_Trampo-300x226.png\" \/>\n<meta name=\"twitter:card\" content=\"summary_large_image\" \/>\n<meta name=\"twitter:label1\" content=\"Est. reading time\" \/>\n\t<meta name=\"twitter:data1\" content=\"2 minutes\" \/>\n<script type=\"application\/ld+json\" class=\"yoast-schema-graph\">{\"@context\":\"https:\/\/schema.org\",\"@graph\":[{\"@type\":\"Organization\",\"@id\":\"http:\/\/www.lepecqtrampoline.fr\/#organization\",\"name\":\"Alpic Air Force Academy\",\"url\":\"http:\/\/www.lepecqtrampoline.fr\/\",\"sameAs\":[\"https:\/\/www.facebook.com\/Alpicairforce\/\"],\"logo\":{\"@type\":\"ImageObject\",\"@id\":\"http:\/\/www.lepecqtrampoline.fr\/#logo\",\"inLanguage\":\"en-US\",\"url\":\"http:\/\/dev.lepecqtrampoline.fr\/wp-content\/uploads\/2019\/06\/logo.png\",\"contentUrl\":\"http:\/\/dev.lepecqtrampoline.fr\/wp-content\/uploads\/2019\/06\/logo.png\",\"width\":546,\"height\":220,\"caption\":\"Alpic Air Force Academy\"},\"image\":{\"@id\":\"http:\/\/www.lepecqtrampoline.fr\/#logo\"}},{\"@type\":\"WebSite\",\"@id\":\"http:\/\/www.lepecqtrampoline.fr\/#website\",\"url\":\"http:\/\/www.lepecqtrampoline.fr\/\",\"name\":\"AlpicAirForce Academy\",\"description\":\"\",\"publisher\":{\"@id\":\"http:\/\/www.lepecqtrampoline.fr\/#organization\"},\"potentialAction\":[{\"@type\":\"SearchAction\",\"target\":{\"@type\":\"EntryPoint\",\"urlTemplate\":\"http:\/\/www.lepecqtrampoline.fr\/?s={search_term_string}\"},\"query-input\":\"required name=search_term_string\"}],\"inLanguage\":\"en-US\"},{\"@type\":\"ImageObject\",\"@id\":\"https:\/\/www.lepecqtrampoline.fr\/index.php\/trampoline-competition-2\/#primaryimage\",\"inLanguage\":\"en-US\",\"url\":\"http:\/\/dev.lepecqtrampoline.fr\/wp-content\/uploads\/2019\/06\/Alpic_Trampo.png\",\"contentUrl\":\"http:\/\/dev.lepecqtrampoline.fr\/wp-content\/uploads\/2019\/06\/Alpic_Trampo.png\",\"width\":343,\"height\":258},{\"@type\":\"WebPage\",\"@id\":\"https:\/\/www.lepecqtrampoline.fr\/index.php\/trampoline-competition-2\/#webpage\",\"url\":\"https:\/\/www.lepecqtrampoline.fr\/index.php\/trampoline-competition-2\/\",\"name\":\"Trampoline Comp\u00e9tition -\",\"isPartOf\":{\"@id\":\"http:\/\/www.lepecqtrampoline.fr\/#website\"},\"primaryImageOfPage\":{\"@id\":\"https:\/\/www.lepecqtrampoline.fr\/index.php\/trampoline-competition-2\/#primaryimage\"},\"datePublished\":\"2019-05-10T20:14:44+00:00\",\"dateModified\":\"2025-06-01T09:56:51+00:00\",\"breadcrumb\":{\"@id\":\"https:\/\/www.lepecqtrampoline.fr\/index.php\/trampoline-competition-2\/#breadcrumb\"},\"inLanguage\":\"en-US\",\"potentialAction\":[{\"@type\":\"ReadAction\",\"target\":[\"https:\/\/www.lepecqtrampoline.fr\/index.php\/trampoline-competition-2\/\"]}]},{\"@type\":\"BreadcrumbList\",\"@id\":\"https:\/\/www.lepecqtrampoline.fr\/index.php\/trampoline-competition-2\/#breadcrumb\",\"itemListElement\":[{\"@type\":\"ListItem\",\"position\":1,\"name\":\"Accueil\",\"item\":\"http:\/\/www.lepecqtrampoline.fr\/\"},{\"@type\":\"ListItem\",\"position\":2,\"name\":\"Trampoline Comp\u00e9tition\"}]}]}<\/script>\n<!-- \/ Yoast SEO plugin. -->","yoast_head_json":{"title":"Trampoline Comp\u00e9tition -","robots":{"index":"index","follow":"follow","max-snippet":"max-snippet:-1","max-image-preview":"max-image-preview:large","max-video-preview":"max-video-preview:-1"},"canonical":"https:\/\/www.lepecqtrampoline.fr\/index.php\/trampoline-competition-2\/","og_locale":"en_US","og_type":"article","og_title":"Trampoline Comp\u00e9tition -","og_description":"Marraine Camille Dru Quadruple Championne de France Trampoline Elite individuel et synchroChampionne du Monde 13\/14 en synchro\u00a0Camille \u00e9tait une redoutable comp\u00e9titrice et un exemple pour tous nos jeunes. Le trampoline, sport Olympique depuis Sydney 2000 est aussi l\u2019agr\u00e8s de r\u00e9f\u00e9rence de tous les sports acrobatiques. Cet agr\u00e8s permet, par sa diversit\u00e9 et sa richesse de [&hellip;]","og_url":"https:\/\/www.lepecqtrampoline.fr\/index.php\/trampoline-competition-2\/","article_publisher":"https:\/\/www.facebook.com\/Alpicairforce\/","article_modified_time":"2025-06-01T09:56:51+00:00","og_image":[{"url":"http:\/\/dev.lepecqtrampoline.fr\/wp-content\/uploads\/2019\/06\/Alpic_Trampo-300x226.png"}],"twitter_card":"summary_large_image","twitter_misc":{"Est. reading time":"2 minutes"},"schema":{"@context":"https:\/\/schema.org","@graph":[{"@type":"Organization","@id":"http:\/\/www.lepecqtrampoline.fr\/#organization","name":"Alpic Air Force Academy","url":"http:\/\/www.lepecqtrampoline.fr\/","sameAs":["https:\/\/www.facebook.com\/Alpicairforce\/"],"logo":{"@type":"ImageObject","@id":"http:\/\/www.lepecqtrampoline.fr\/#logo","inLanguage":"en-US","url":"http:\/\/dev.lepecqtrampoline.fr\/wp-content\/uploads\/2019\/06\/logo.png","contentUrl":"http:\/\/dev.lepecqtrampoline.fr\/wp-content\/uploads\/2019\/06\/logo.png","width":546,"height":220,"caption":"Alpic Air Force Academy"},"image":{"@id":"http:\/\/www.lepecqtrampoline.fr\/#logo"}},{"@type":"WebSite","@id":"http:\/\/www.lepecqtrampoline.fr\/#website","url":"http:\/\/www.lepecqtrampoline.fr\/","name":"AlpicAirForce Academy","description":"","publisher":{"@id":"http:\/\/www.lepecqtrampoline.fr\/#organization"},"potentialAction":[{"@type":"SearchAction","target":{"@type":"EntryPoint","urlTemplate":"http:\/\/www.lepecqtrampoline.fr\/?s={search_term_string}"},"query-input":"required name=search_term_string"}],"inLanguage":"en-US"},{"@type":"ImageObject","@id":"https:\/\/www.lepecqtrampoline.fr\/index.php\/trampoline-competition-2\/#primaryimage","inLanguage":"en-US","url":"http:\/\/dev.lepecqtrampoline.fr\/wp-content\/uploads\/2019\/06\/Alpic_Trampo.png","contentUrl":"http:\/\/dev.lepecqtrampoline.fr\/wp-content\/uploads\/2019\/06\/Alpic_Trampo.png","width":343,"height":258},{"@type":"WebPage","@id":"https:\/\/www.lepecqtrampoline.fr\/index.php\/trampoline-competition-2\/#webpage","url":"https:\/\/www.lepecqtrampoline.fr\/index.php\/trampoline-competition-2\/","name":"Trampoline Comp\u00e9tition -","isPartOf":{"@id":"http:\/\/www.lepecqtrampoline.fr\/#website"},"primaryImageOfPage":{"@id":"https:\/\/www.lepecqtrampoline.fr\/index.php\/trampoline-competition-2\/#primaryimage"},"datePublished":"2019-05-10T20:14:44+00:00","dateModified":"2025-06-01T09:56:51+00:00","breadcrumb":{"@id":"https:\/\/www.lepecqtrampoline.fr\/index.php\/trampoline-competition-2\/#breadcrumb"},"inLanguage":"en-US","potentialAction":[{"@type":"ReadAction","target":["https:\/\/www.lepecqtrampoline.fr\/index.php\/trampoline-competition-2\/"]}]},{"@type":"BreadcrumbList","@id":"https:\/\/www.lepecqtrampoline.fr\/index.php\/trampoline-competition-2\/#breadcrumb","itemListElement":[{"@type":"ListItem","position":1,"name":"Accueil","item":"http:\/\/www.lepecqtrampoline.fr\/"},{"@type":"ListItem","position":2,"name":"Trampoline Comp\u00e9tition"}]}]}},"_links":{"self":[{"href":"http:\/\/www.lepecqtrampoline.fr\/index.php\/wp-json\/wp\/v2\/pages\/411"}],"collection":[{"href":"http:\/\/www.lepecqtrampoline.fr\/index.php\/wp-json\/wp\/v2\/pages"}],"about":[{"href":"http:\/\/www.lepecqtrampoline.fr\/index.php\/wp-json\/wp\/v2\/types\/page"}],"author":[{"embeddable":true,"href":"http:\/\/www.lepecqtrampoline.fr\/index.php\/wp-json\/wp\/v2\/users\/1"}],"replies":[{"embeddable":true,"href":"http:\/\/www.lepecqtrampoline.fr\/index.php\/wp-json\/wp\/v2\/comments?post=411"}],"version-history":[{"count":20,"href":"http:\/\/www.lepecqtrampoline.fr\/index.php\/wp-json\/wp\/v2\/pages\/411\/revisions"}],"predecessor-version":[{"id":1516,"href":"http:\/\/www.lepecqtrampoline.fr\/index.php\/wp-json\/wp\/v2\/pages\/411\/revisions\/1516"}],"wp:attachment":[{"href":"http:\/\/www.lepecqtrampoline.fr\/index.php\/wp-json\/wp\/v2\/media?parent=411"}],"curies":[{"name":"wp","href":"https:\/\/api.w.org\/{rel}","templated":true}]}}